{"id":356,"date":"2018-05-02T17:38:46","date_gmt":"2018-05-02T15:38:46","guid":{"rendered":"http:\/\/www.classm.fr\/fr\/?page_id=356"},"modified":"2024-11-18T22:12:04","modified_gmt":"2024-11-18T21:12:04","slug":"mentions-legales","status":"publish","type":"page","link":"https:\/\/www.classm.fr\/fr\/mentions-legales\/","title":{"rendered":"Mentions l\u00e9gales"},"content":{"rendered":"\t\t<div data-elementor-type=\"wp-post\" data-elementor-id=\"356\" class=\"elementor elementor-356\" data-elementor-settings=\"[]\">\n\t\t\t<div class=\"elementor-inner\">\n\t\t\t\t<div class=\"elementor-section-wrap\">\n\t\t\t\t\t\t\t<section class=\"has_eae_slider elementor-element elementor-element-1b3c28c elementor-section-boxed elementor-section-height-default elementor-section-height-default elementor-section elementor-top-section\" data-id=\"1b3c28c\" data-element_type=\"section\">\n\t\t\t\t\t\t<div class=\"elementor-container elementor-column-gap-default\">\n\t\t\t\t<div class=\"elementor-row\">\n\t\t\t\t<div class=\"has_eae_slider elementor-element elementor-element-04b0ec8 elementor-column elementor-col-100 elementor-top-column\" data-id=\"04b0ec8\" data-element_type=\"column\">\n\t\t\t<div class=\"elementor-column-wrap\">\n\t\t\t\t\t<div class=\"elementor-widget-wrap\">\n\t\t\t\t\t\t<\/div>\n\t\t\t<\/div>\n\t\t<\/div>\n\t\t\t\t\t\t<\/div>\n\t\t\t<\/div>\n\t\t<\/section>\n\t\t\t\t<section class=\"has_eae_slider elementor-element elementor-element-310165a elementor-section-boxed elementor-section-height-default elementor-section-height-default elementor-section elementor-top-section\" data-id=\"310165a\" data-element_type=\"section\">\n\t\t\t\t\t\t<div class=\"elementor-container elementor-column-gap-default\">\n\t\t\t\t<div class=\"elementor-row\">\n\t\t\t\t<div class=\"has_eae_slider elementor-element elementor-element-2c0cb84 elementor-column elementor-col-100 elementor-top-column\" data-id=\"2c0cb84\" data-element_type=\"column\">\n\t\t\t<div class=\"elementor-column-wrap  elementor-element-populated\">\n\t\t\t\t\t<div class=\"elementor-widget-wrap\">\n\t\t\t\t<div class=\"elementor-element elementor-element-e7b2d9e elementor-widget elementor-widget-spacer\" data-id=\"e7b2d9e\" data-element_type=\"widget\" data-widget_type=\"spacer.default\">\n\t\t\t\t<div class=\"elementor-widget-container\">\n\t\t\t\t\t<div class=\"elementor-spacer\">\n\t\t\t<div class=\"elementor-spacer-inner\"><\/div>\n\t\t<\/div>\n\t\t\t\t<\/div>\n\t\t\t\t<\/div>\n\t\t\t\t\t\t<\/div>\n\t\t\t<\/div>\n\t\t<\/div>\n\t\t\t\t\t\t<\/div>\n\t\t\t<\/div>\n\t\t<\/section>\n\t\t\t\t<section class=\"has_eae_slider elementor-element elementor-element-41a375c elementor-section-boxed elementor-section-height-default elementor-section-height-default elementor-section elementor-top-section\" data-id=\"41a375c\" data-element_type=\"section\">\n\t\t\t\t\t\t<div class=\"elementor-container elementor-column-gap-default\">\n\t\t\t\t<div class=\"elementor-row\">\n\t\t\t\t<div class=\"has_eae_slider elementor-element elementor-element-3b3fa5b elementor-column elementor-col-100 elementor-top-column\" data-id=\"3b3fa5b\" data-element_type=\"column\">\n\t\t\t<div class=\"elementor-column-wrap  elementor-element-populated\">\n\t\t\t\t\t<div class=\"elementor-widget-wrap\">\n\t\t\t\t<div class=\"elementor-element elementor-element-01a5580 elementor-widget elementor-widget-heading\" data-id=\"01a5580\" data-element_type=\"widget\" data-widget_type=\"heading.default\">\n\t\t\t\t<div class=\"elementor-widget-container\">\n\t\t\t<h1 class=\"elementor-heading-title elementor-size-default\">Mentions l\u00e9gales<\/h1>\t\t<\/div>\n\t\t\t\t<\/div>\n\t\t\t\t\t\t<\/div>\n\t\t\t<\/div>\n\t\t<\/div>\n\t\t\t\t\t\t<\/div>\n\t\t\t<\/div>\n\t\t<\/section>\n\t\t\t\t<section class=\"has_eae_slider elementor-element elementor-element-27db9cdb elementor-section-boxed elementor-section-height-default elementor-section-height-default elementor-section elementor-top-section\" data-id=\"27db9cdb\" data-element_type=\"section\">\n\t\t\t\t\t\t<div class=\"elementor-container elementor-column-gap-default\">\n\t\t\t\t<div class=\"elementor-row\">\n\t\t\t\t<div class=\"has_eae_slider elementor-element elementor-element-68057b8f elementor-column elementor-col-100 elementor-top-column\" data-id=\"68057b8f\" data-element_type=\"column\">\n\t\t\t<div class=\"elementor-column-wrap  elementor-element-populated\">\n\t\t\t\t\t<div class=\"elementor-widget-wrap\">\n\t\t\t\t<div class=\"elementor-element elementor-element-5a756f8 elementor-widget elementor-widget-text-editor\" data-id=\"5a756f8\" data-element_type=\"widget\" data-widget_type=\"text-editor.default\">\n\t\t\t\t<div class=\"elementor-widget-container\">\n\t\t\t\t\t<div class=\"elementor-text-editor elementor-clearfix\"><p><span style=\"color: #000000;\">Forme Juridique<\/span><br \/><span style=\"color: #000000;\">SAS au capital de\u00a0 12.500 euro<\/span><\/p><p><span style=\"color: #000000;\">Pr\u00e9sident : Fran\u00e7ois-Xavier d&#8217;Ornellas<\/span><\/p><p><span style=\"color: #000000;\">Directeur g\u00e9n\u00e9ral: J\u00e9r\u00e9mie Malbrancke<\/span><\/p><p><span style=\"color: #000000;\">Registre du Commerce et des Soci\u00e9t\u00e9s<\/span><br \/><span style=\"color: #000000;\">R.C.S. MARSEILLE 538 669 516<\/span><br \/><span style=\"color: #000000;\">Code NAF : 7022 Z<\/span><\/p><p><span style=\"color: #000000;\">Directeur de la publication : Fran\u00e7ois-Xavier d&#8217;Ornellas<\/span><\/p><p><span style=\"color: #000000;\">Si\u00e8ge social : 76, avenue du Prado 13006 Marseille<\/span><\/p><p><span style=\"color: #000000;\">H\u00e9bergeur du site: OVH \u2013 2 rue Kellermann \u2013 59100 Roubaix \u2013 France<\/span><\/p><p><span style=\"color: #000000;\">Conception &amp; R\u00e9alisation : classM<\/span><\/p><p>Cr\u00e9dits photo: classM, Photolia<\/p><h1><span style=\"color: #000000;\">Conditions l\u00e9gales<\/span><\/h1><h2><span style=\"color: #000000;\">D\u00e9charge de responsabilit\u00e9<\/span><\/h2><p><span style=\"color: #000000;\">Le pr\u00e9sent site Internet est la propri\u00e9t\u00e9 de classM SAS<\/span><span style=\"color: #000000; font-size: 20px;\">, soci\u00e9t\u00e9 par actions simplifi\u00e9e au capital de 12.500 euros immatricul\u00e9e au Registre du Commerce et des Soci\u00e9t\u00e9s de Marseille sous le num\u00e9ro 538 669\u00a0516 dont le si\u00e8ge social est situ\u00e9 76, avenue du Prado, Marseille 6eme.<\/span><\/p><p><span style=\"color: #000000;\">Les informations diffus\u00e9es sur ce site Internet ne sauraient \u00eatre consid\u00e9r\u00e9es comme une proposition de vente ou d&#8217;achat. En cons\u00e9quence, l&#8217;utilisateur reconna\u00eet utiliser ces informations sous sa responsabilit\u00e9 exclusive.<\/span><\/p><p><span style=\"color: #000000;\">classM n&#8217;est tenue que d&#8217;une simple obligation de moyens concernant les informations qu&#8217;elle met \u00e0 disposition des personnes qui acc\u00e8dent \u00e0 son site web\u00a0<a style=\"color: #000000;\" href=\"http:\/\/www.classm.fr\/\">www.classm.fr<\/a><\/span><br \/><span style=\"color: #000000;\">Alors m\u00eame que nous avons effectu\u00e9 toutes les d\u00e9marches pour nous assurer de la fiabilit\u00e9 des informations contenues sur ce site web, classM ne peut encourir aucune responsabilit\u00e9 du fait d&#8217;erreurs, d&#8217;omissions, ou pour les r\u00e9sultats qui pourraient \u00eatre obtenus par l&#8217;usage de ces informations. Notamment, l&#8217;usage de liens hypertextes peut conduire votre consultation de notre site vers d&#8217;autres serveurs pour prendre connaissance de l&#8217;information recherch\u00e9e, serveurs sur lesquels classM n&#8217;a aucun contr\u00f4le.<\/span><br \/><span style=\"color: #000000;\">Le site web de classM\u00a0<a style=\"color: #000000;\" href=\"http:\/\/www.classm.fr\/\">www.classm.fr<\/a>\u00a0est normalement accessible 24h\/24h et 7 jours\/7. En cas de force majeure, de difficult\u00e9s informatiques, de difficult\u00e9s li\u00e9es \u00e0 la structure des r\u00e9seaux de t\u00e9l\u00e9communications ou difficult\u00e9s techniques, pour des raisons de maintenance, sans que cette liste ne soit exhaustive, l&#8217;acc\u00e8s a toute ou partie du site pourra \u00eatre suspendue ou supprim\u00e9e sur simple d\u00e9cision de classM.<\/span><\/p><p><span style=\"color: #000000;\">Pour des raisons de maintenance, et\/ou pour toute autre d\u00e9cision de classM, l&#8217;acc\u00e8s au site Internet pourra \u00eatre interrompu.<\/span><br \/><span style=\"color: #000000;\">Le site Internet est susceptible de modification et d&#8217;\u00e9volutions sans notification d&#8217;aucune sorte.<\/span><\/p><h2><span style=\"color: #000000;\">Propri\u00e9t\u00e9 intellectuelle<\/span><\/h2><p><span style=\"color: #000000;\"><span style=\"font-family: Calibri, sans-serif;\">classM\u00a0<\/span>est le propri\u00e9taire des droits, titres et int\u00e9r\u00eats li\u00e9s au nom de classM SAS. Toute utilisation de ce nom est interdite sans l&#8217;autorisation pr\u00e9alable de classM. Ce site et son contenu sont prot\u00e9g\u00e9s, au sens du code de la propri\u00e9t\u00e9 intellectuelle, en particulier par les droits d&#8217;auteur, dessins et mod\u00e8les et droits des marques.<\/span><br \/><span style=\"color: #000000;\">En application du Code fran\u00e7ais de la Propri\u00e9t\u00e9 Intellectuelle et, plus g\u00e9n\u00e9ralement, des trait\u00e9s et accords internationaux comportant des dispositions relatives \u00e0 la protection des droits d&#8217;auteurs, vous vous interdirez de reproduire pour un usage autre que priv\u00e9, vendre, distribuer, \u00e9mettre, diffuser, adapter, modifier, publier, communiquer int\u00e9gralement ou partiellement, sous quelque forme que ce soit, les donn\u00e9es, la pr\u00e9sentation ou l&#8217;organisation du site ou les \u0153uvres prot\u00e9g\u00e9es par le droit d&#8217;auteur qui figurent sur le site web\u00a0<a style=\"color: #000000;\" href=\"http:\/\/www.classm.fr\/\">www.classm.fr<\/a>\u00a0sans autorisation \u00e9crite particuli\u00e8re et pr\u00e9alable du d\u00e9tenteur du droit d&#8217;auteur attach\u00e9 \u00e0 l&#8217;\u0153uvre, \u00e0 la pr\u00e9sentation ou \u00e0 l&#8217;organisation du site ou \u00e0 la donn\u00e9e reproduite.<\/span><\/p><p><span style=\"color: #000000;\">Vous vous interdirez \u00e9galement d&#8217;introduire des donn\u00e9es sur le site web\u00a0<a style=\"color: #000000;\" href=\"http:\/\/www.exco.fr\/\">www.classm.fr<\/a>\u00a0qui modifieraient ou qui seraient susceptibles de modifier le contenu ou l&#8217;apparence des donn\u00e9es, de la pr\u00e9sentation ou de l&#8217;organisation du site ou des \u0153uvres figurant sur le site web de classM et par quelques proc\u00e9d\u00e9s que ce soit.<\/span><\/p><p><span style=\"color: #000000;\">Pour toute information compl\u00e9mentaire, contactez le webmaster.<\/span><\/p><\/div>\n\t\t\t\t<\/div>\n\t\t\t\t<\/div>\n\t\t\t\t\t\t<\/div>\n\t\t\t<\/div>\n\t\t<\/div>\n\t\t\t\t\t\t<\/div>\n\t\t\t<\/div>\n\t\t<\/section>\n\t\t\t\t\t\t<\/div>\n\t\t\t<\/div>\n\t\t<\/div>\n\t\t","protected":false},"excerpt":{"rendered":"<p>Mentions l\u00e9gales Forme JuridiqueSAS au capital de\u00a0 12.500 euro Pr\u00e9sident : Fran\u00e7ois-Xavier d&#8217;Ornellas Directeur g\u00e9n\u00e9ral: J\u00e9r\u00e9mie Malbrancke Registre du Commerce et des Soci\u00e9t\u00e9sR.C.S. MARSEILLE 538 669 516Code NAF : 7022 Z Directeur de la publication : Fran\u00e7ois-Xavier d&#8217;Ornellas Si\u00e8ge social : 76, avenue du Prado 13006 Marseille H\u00e9bergeur du site: OVH \u2013 2 rue Kellermann [&hellip;]<\/p>\n","protected":false},"author":1,"featured_media":0,"parent":0,"menu_order":0,"comment_status":"closed","ping_status":"open","template":"","meta":{"ocean_post_layout":"full-width","ocean_both_sidebars_style":"","ocean_both_sidebars_content_width":0,"ocean_both_sidebars_sidebars_width":0,"ocean_sidebar":"0","ocean_second_sidebar":"0","ocean_disable_margins":"on","ocean_add_body_class":"","ocean_shortcode_before_top_bar":"","ocean_shortcode_after_top_bar":"","ocean_shortcode_before_header":"","ocean_shortcode_after_header":"","ocean_has_shortcode":"","ocean_shortcode_after_title":"","ocean_shortcode_before_footer_widgets":"","ocean_shortcode_after_footer_widgets":"","ocean_shortcode_before_footer_bottom":"","ocean_shortcode_after_footer_bottom":"","ocean_display_top_bar":"off","ocean_display_header":"on","ocean_header_style":"transparent","ocean_center_header_left_menu":"0","ocean_custom_header_template":"0","ocean_custom_logo":0,"ocean_custom_retina_logo":0,"ocean_custom_logo_max_width":0,"ocean_custom_logo_tablet_max_width":0,"ocean_custom_logo_mobile_max_width":0,"ocean_custom_logo_max_height":0,"ocean_custom_logo_tablet_max_height":0,"ocean_custom_logo_mobile_max_height":0,"ocean_header_custom_menu":"0","ocean_menu_typo_font_family":"0","ocean_menu_typo_font_subset":"","ocean_menu_typo_font_size":0,"ocean_menu_typo_font_size_tablet":0,"ocean_menu_typo_font_size_mobile":0,"ocean_menu_typo_font_size_unit":"px","ocean_menu_typo_font_weight":"","ocean_menu_typo_font_weight_tablet":"","ocean_menu_typo_font_weight_mobile":"","ocean_menu_typo_transform":"","ocean_menu_typo_transform_tablet":"","ocean_menu_typo_transform_mobile":"","ocean_menu_typo_line_height":0,"ocean_menu_typo_line_height_tablet":0,"ocean_menu_typo_line_height_mobile":0,"ocean_menu_typo_line_height_unit":"","ocean_menu_typo_spacing":0,"ocean_menu_typo_spacing_tablet":0,"ocean_menu_typo_spacing_mobile":0,"ocean_menu_typo_spacing_unit":"","ocean_menu_link_color":"","ocean_menu_link_color_hover":"","ocean_menu_link_color_active":"","ocean_menu_link_background":"","ocean_menu_link_hover_background":"","ocean_menu_link_active_background":"","ocean_menu_social_links_bg":"","ocean_menu_social_hover_links_bg":"","ocean_menu_social_links_color":"","ocean_menu_social_hover_links_color":"","ocean_disable_title":"on","ocean_disable_heading":"default","ocean_post_title":"","ocean_post_subheading":"","ocean_post_title_style":"","ocean_post_title_background_color":"","ocean_post_title_background":0,"ocean_post_title_bg_image_position":"","ocean_post_title_bg_image_attachment":"","ocean_post_title_bg_image_repeat":"","ocean_post_title_bg_image_size":"","ocean_post_title_height":0,"ocean_post_title_bg_overlay":0.5,"ocean_post_title_bg_overlay_color":"","ocean_disable_breadcrumbs":"default","ocean_breadcrumbs_color":"","ocean_breadcrumbs_separator_color":"","ocean_breadcrumbs_links_color":"","ocean_breadcrumbs_links_hover_color":"","ocean_display_footer_widgets":"off","ocean_display_footer_bottom":"off","ocean_custom_footer_template":"0","footnotes":""},"categories":[152],"tags":[],"class_list":["post-356","page","type-page","status-publish","hentry","category-francais","entry"],"yoast_head":"<!-- This site is optimized with the Yoast SEO plugin v23.9 - https:\/\/yoast.com\/wordpress\/plugins\/seo\/ -->\n<title>Mentions l\u00e9gales - classM<\/title>\n<meta name=\"description\" content=\"Mentions l\u00e9gales Forme JuridiqueSAS au capital de\u00a0 12.500 euroPr\u00e9sident : Fran\u00e7ois-Xavier d&#039;OrnellasDirecteur g\u00e9n\u00e9ral: J\u00e9r\u00e9mie MalbranckeRegistre du\" \/>\n<meta name=\"robots\" content=\"index, follow, max-snippet:-1, max-image-preview:large, max-video-preview:-1\" \/>\n<link rel=\"canonical\" href=\"https:\/\/www.classm.fr\/fr\/mentions-legales\/\" \/>\n<meta property=\"og:locale\" content=\"fr_FR\" \/>\n<meta property=\"og:type\" content=\"article\" \/>\n<meta property=\"og:title\" content=\"Mentions l\u00e9gales - classM\" \/>\n<meta property=\"og:description\" content=\"Mentions l\u00e9gales Forme JuridiqueSAS au capital de\u00a0 12.500 euroPr\u00e9sident : Fran\u00e7ois-Xavier d&#039;OrnellasDirecteur g\u00e9n\u00e9ral: J\u00e9r\u00e9mie MalbranckeRegistre du\" \/>\n<meta property=\"og:url\" content=\"https:\/\/www.classm.fr\/fr\/mentions-legales\/\" \/>\n<meta property=\"og:site_name\" content=\"classM\" \/>\n<meta property=\"article:modified_time\" content=\"2024-11-18T21:12:04+00:00\" \/>\n<meta name=\"twitter:card\" content=\"summary_large_image\" \/>\n<meta name=\"twitter:label1\" content=\"Dur\u00e9e de lecture estim\u00e9e\" \/>\n\t<meta name=\"twitter:data1\" content=\"3 minutes\" \/>\n<script type=\"application\/ld+json\" class=\"yoast-schema-graph\">{\"@context\":\"https:\/\/schema.org\",\"@graph\":[{\"@type\":\"WebPage\",\"@id\":\"https:\/\/www.classm.fr\/fr\/mentions-legales\/\",\"url\":\"https:\/\/www.classm.fr\/fr\/mentions-legales\/\",\"name\":\"Mentions l\u00e9gales - classM\",\"isPartOf\":{\"@id\":\"https:\/\/www.classm.fr\/fr\/#website\"},\"datePublished\":\"2018-05-02T15:38:46+00:00\",\"dateModified\":\"2024-11-18T21:12:04+00:00\",\"description\":\"Mentions l\u00e9gales Forme JuridiqueSAS au capital de\u00a0 12.500 euroPr\u00e9sident : Fran\u00e7ois-Xavier d'OrnellasDirecteur g\u00e9n\u00e9ral: J\u00e9r\u00e9mie MalbranckeRegistre du\",\"breadcrumb\":{\"@id\":\"https:\/\/www.classm.fr\/fr\/mentions-legales\/#breadcrumb\"},\"inLanguage\":\"fr-FR\",\"potentialAction\":[{\"@type\":\"ReadAction\",\"target\":[\"https:\/\/www.classm.fr\/fr\/mentions-legales\/\"]}]},{\"@type\":\"BreadcrumbList\",\"@id\":\"https:\/\/www.classm.fr\/fr\/mentions-legales\/#breadcrumb\",\"itemListElement\":[{\"@type\":\"ListItem\",\"position\":1,\"name\":\"Accueil\",\"item\":\"https:\/\/www.classm.fr\/fr\/\"},{\"@type\":\"ListItem\",\"position\":2,\"name\":\"Mentions l\u00e9gales\"}]},{\"@type\":\"WebSite\",\"@id\":\"https:\/\/www.classm.fr\/fr\/#website\",\"url\":\"https:\/\/www.classm.fr\/fr\/\",\"name\":\"classM\",\"description\":\"Entrepreneurs en Afrique\",\"publisher\":{\"@id\":\"https:\/\/www.classm.fr\/fr\/#organization\"},\"potentialAction\":[{\"@type\":\"SearchAction\",\"target\":{\"@type\":\"EntryPoint\",\"urlTemplate\":\"https:\/\/www.classm.fr\/fr\/?s={search_term_string}\"},\"query-input\":{\"@type\":\"PropertyValueSpecification\",\"valueRequired\":true,\"valueName\":\"search_term_string\"}}],\"inLanguage\":\"fr-FR\"},{\"@type\":\"Organization\",\"@id\":\"https:\/\/www.classm.fr\/fr\/#organization\",\"name\":\"classM\",\"url\":\"https:\/\/www.classm.fr\/fr\/\",\"logo\":{\"@type\":\"ImageObject\",\"inLanguage\":\"fr-FR\",\"@id\":\"https:\/\/www.classm.fr\/fr\/#\/schema\/logo\/image\/\",\"url\":\"https:\/\/www.classm.fr\/fr\/wp-content\/uploads\/2019\/05\/logo-classM-color.jpg\",\"contentUrl\":\"https:\/\/www.classm.fr\/fr\/wp-content\/uploads\/2019\/05\/logo-classM-color.jpg\",\"width\":694,\"height\":200,\"caption\":\"classM\"},\"image\":{\"@id\":\"https:\/\/www.classm.fr\/fr\/#\/schema\/logo\/image\/\"},\"sameAs\":[\"https:\/\/www.linkedin.com\/company\/classm\/\"]}]}<\/script>\n<!-- \/ Yoast SEO plugin. -->","yoast_head_json":{"title":"Mentions l\u00e9gales - classM","description":"Mentions l\u00e9gales Forme JuridiqueSAS au capital de\u00a0 12.500 euroPr\u00e9sident : Fran\u00e7ois-Xavier d'OrnellasDirecteur g\u00e9n\u00e9ral: J\u00e9r\u00e9mie MalbranckeRegistre du","robots":{"index":"index","follow":"follow","max-snippet":"max-snippet:-1","max-image-preview":"max-image-preview:large","max-video-preview":"max-video-preview:-1"},"canonical":"https:\/\/www.classm.fr\/fr\/mentions-legales\/","og_locale":"fr_FR","og_type":"article","og_title":"Mentions l\u00e9gales - classM","og_description":"Mentions l\u00e9gales Forme JuridiqueSAS au capital de\u00a0 12.500 euroPr\u00e9sident : Fran\u00e7ois-Xavier d'OrnellasDirecteur g\u00e9n\u00e9ral: J\u00e9r\u00e9mie MalbranckeRegistre du","og_url":"https:\/\/www.classm.fr\/fr\/mentions-legales\/","og_site_name":"classM","article_modified_time":"2024-11-18T21:12:04+00:00","twitter_card":"summary_large_image","twitter_misc":{"Dur\u00e9e de lecture estim\u00e9e":"3 minutes"},"schema":{"@context":"https:\/\/schema.org","@graph":[{"@type":"WebPage","@id":"https:\/\/www.classm.fr\/fr\/mentions-legales\/","url":"https:\/\/www.classm.fr\/fr\/mentions-legales\/","name":"Mentions l\u00e9gales - classM","isPartOf":{"@id":"https:\/\/www.classm.fr\/fr\/#website"},"datePublished":"2018-05-02T15:38:46+00:00","dateModified":"2024-11-18T21:12:04+00:00","description":"Mentions l\u00e9gales Forme JuridiqueSAS au capital de\u00a0 12.500 euroPr\u00e9sident : Fran\u00e7ois-Xavier d'OrnellasDirecteur g\u00e9n\u00e9ral: J\u00e9r\u00e9mie MalbranckeRegistre du","breadcrumb":{"@id":"https:\/\/www.classm.fr\/fr\/mentions-legales\/#breadcrumb"},"inLanguage":"fr-FR","potentialAction":[{"@type":"ReadAction","target":["https:\/\/www.classm.fr\/fr\/mentions-legales\/"]}]},{"@type":"BreadcrumbList","@id":"https:\/\/www.classm.fr\/fr\/mentions-legales\/#breadcrumb","itemListElement":[{"@type":"ListItem","position":1,"name":"Accueil","item":"https:\/\/www.classm.fr\/fr\/"},{"@type":"ListItem","position":2,"name":"Mentions l\u00e9gales"}]},{"@type":"WebSite","@id":"https:\/\/www.classm.fr\/fr\/#website","url":"https:\/\/www.classm.fr\/fr\/","name":"classM","description":"Entrepreneurs en Afrique","publisher":{"@id":"https:\/\/www.classm.fr\/fr\/#organization"},"potentialAction":[{"@type":"SearchAction","target":{"@type":"EntryPoint","urlTemplate":"https:\/\/www.classm.fr\/fr\/?s={search_term_string}"},"query-input":{"@type":"PropertyValueSpecification","valueRequired":true,"valueName":"search_term_string"}}],"inLanguage":"fr-FR"},{"@type":"Organization","@id":"https:\/\/www.classm.fr\/fr\/#organization","name":"classM","url":"https:\/\/www.classm.fr\/fr\/","logo":{"@type":"ImageObject","inLanguage":"fr-FR","@id":"https:\/\/www.classm.fr\/fr\/#\/schema\/logo\/image\/","url":"https:\/\/www.classm.fr\/fr\/wp-content\/uploads\/2019\/05\/logo-classM-color.jpg","contentUrl":"https:\/\/www.classm.fr\/fr\/wp-content\/uploads\/2019\/05\/logo-classM-color.jpg","width":694,"height":200,"caption":"classM"},"image":{"@id":"https:\/\/www.classm.fr\/fr\/#\/schema\/logo\/image\/"},"sameAs":["https:\/\/www.linkedin.com\/company\/classm\/"]}]}},"_links":{"self":[{"href":"https:\/\/www.classm.fr\/fr\/wp-json\/wp\/v2\/pages\/356","targetHints":{"allow":["GET"]}}],"collection":[{"href":"https:\/\/www.classm.fr\/fr\/wp-json\/wp\/v2\/pages"}],"about":[{"href":"https:\/\/www.classm.fr\/fr\/wp-json\/wp\/v2\/types\/page"}],"author":[{"embeddable":true,"href":"https:\/\/www.classm.fr\/fr\/wp-json\/wp\/v2\/users\/1"}],"replies":[{"embeddable":true,"href":"https:\/\/www.classm.fr\/fr\/wp-json\/wp\/v2\/comments?post=356"}],"version-history":[{"count":18,"href":"https:\/\/www.classm.fr\/fr\/wp-json\/wp\/v2\/pages\/356\/revisions"}],"predecessor-version":[{"id":3230,"href":"https:\/\/www.classm.fr\/fr\/wp-json\/wp\/v2\/pages\/356\/revisions\/3230"}],"wp:attachment":[{"href":"https:\/\/www.classm.fr\/fr\/wp-json\/wp\/v2\/media?parent=356"}],"wp:term":[{"taxonomy":"category","embeddable":true,"href":"https:\/\/www.classm.fr\/fr\/wp-json\/wp\/v2\/categories?post=356"},{"taxonomy":"post_tag","embeddable":true,"href":"https:\/\/www.classm.fr\/fr\/wp-json\/wp\/v2\/tags?post=356"}],"curies":[{"name":"wp","href":"https:\/\/api.w.org\/{rel}","templated":true}]}}